{"id":150,"date":"2024-03-18T21:38:00","date_gmt":"2024-03-18T21:38:00","guid":{"rendered":"https:\/\/foroprogresotenerife.org\/?page_id=150"},"modified":"2024-03-19T09:04:03","modified_gmt":"2024-03-19T09:04:03","slug":"desarrollo-de-vivienda-asequible","status":"publish","type":"page","link":"https:\/\/foroprogresotenerife.org\/index.php\/desarrollo-de-vivienda-asequible\/","title":{"rendered":"Desarrollo de Vivienda Asequible"},"content":{"rendered":"\n<div class=\"wp-block-group is-vertical is-layout-flex wp-container-core-group-is-layout-8cf370e7 wp-block-group-is-layout-flex\">\n<div class=\"wp-block-columns is-layout-flex wp-container-core-columns-is-layout-9d6595d7 wp-block-columns-is-layout-flex\">\n<div class=\"wp-block-column is-vertically-aligned-center is-layout-flow wp-block-column-is-layout-flow\" style=\"flex-basis:50%\"><\/div>\n<\/div>\n\n\n\n<figure class=\"wp-block-pullquote has-text-align-left\"><blockquote><p><strong>La disponibilidad de vivienda a precios asequibles se ha convertido en un problema de primer orden en Espa\u00f1a y en Canarias, con caracter\u00edsticas singulares derivadas de la presi\u00f3n demogr\u00e1fica (s\u00f3lo en \u00faltimo a\u00f1o la isla de Tenerife ha aumentado su poblaci\u00f3n en 13000 habitantes y desde el a\u00f1o 2000 el incremento poblacional es del 33%) y otros usos no residenciales, agravados adem\u00e1s por la falta de nueva oferta de vivienda y la disponibilidad de suelo finalista.<\/strong><\/p><\/blockquote><\/figure>\n\n\n\n<p><\/p>\n<\/div>\n\n\n\n<div class=\"wp-block-group alignfull is-layout-constrained wp-block-group-is-layout-constrained\">\n<div class=\"wp-block-columns alignfull are-vertically-aligned-center is-layout-flex wp-container-core-columns-is-layout-9d6595d7 wp-block-columns-is-layout-flex\">\n<div class=\"wp-block-column is-vertically-aligned-center is-layout-flow wp-block-column-is-layout-flow\" style=\"flex-basis:100%\">\n<div class=\"wp-block-columns is-layout-flex wp-container-core-columns-is-layout-9d6595d7 wp-block-columns-is-layout-flex\">\n<div class=\"wp-block-column is-layout-flow wp-block-column-is-layout-flow\" style=\"flex-basis:100%\">\n<figure class=\"wp-block-table is-style-stripes\"><table><tbody><tr><td><strong>Algunos datos que sirven para identificar el problema<\/strong><\/td><td>Aumento de poblaci\u00f3n en Tenerife en el \u00faltimo a\u00f1o de 13.000 habitantes<br>Incremento poblacional del 33 % desde el a\u00f1o 2000<br>Escasa ejecuci\u00f3n del Plan Canario de vivienda vigente 2020 &#8211; 2025<br>Aumento uso vivienda para alquiler vacacional<br>Concentraci\u00f3n crecimiento poblacional en capitales y municipios del sur<br>Importante parque viviendas sin terminar<br>Suelo programado, pero con escasa capacidad de gesti\u00f3n urban\u00edstica<\/td><\/tr><tr><td><strong>Referencias bibliogr\u00e1ficas o documentales<\/strong><\/td><td>Instituto Canario de Estad\u00edstica (ISTAC) e INE para datos comparados<br><a href=\"https:\/\/www.gobiernodecanarias.org\/vivienda\/temas\/Plan_de_Vivienda\/\">https:\/\/www.gobiernodecanarias.org\/vivienda\/temas\/Plan_de_Vivienda\/<\/a><br>Datos INE comparados <br><a href=\"https:\/\/www.eldiario.es\/canariasahora\/turismo\/canarias-region-espanola-impacto-alojamiento-vacacional-turismo_1_10782176.html\" target=\"_blank\" rel=\"noreferrer noopener\">https:\/\/www.eldiario.es\/canariasahora\/turismo\/canarias-region-espanola-impacto-alojamiento-vacacional-turismo_1_10782176.html<\/a><br><a href=\"https:\/\/www.gobiernodecanarias.org\/vivienda\/temas\/Plan_de_Vivienda\/\" target=\"_blank\" rel=\"noreferrer noopener\">https:\/\/diariodeavisos.elespanol.com\/2022\/06\/poblacion-del-sur-de-tenerife\/<\/a><br>La situaci\u00f3n de la vivienda en canarias desde una perspectiva social Diputado del Com\u00fan<br><a href=\"https:\/\/www.theioi.org\/downloads\/e7oq1\/El%20Diputado%20del%20Comun%20-%20Informe%20Extraordinario%20de%20Vivienda%202023%20-%20ES.pdf\" target=\"_blank\" rel=\"noreferrer noopener\">https:\/\/www.theioi.org\/downloads\/e7oq1\/El%20Diputado%20del%20Comun%20-%20Informe%20Extraordinario%20de%20Vivienda%202023%20-%20ES.pdf<\/a><\/td><\/tr><tr><td><strong>Principales desaf\u00edos<\/strong><\/td><td>Acomodar el crecimiento de la oferta al comportamiento de la demanda<br>Acelerar la puesta en servicio de viviendas no finalizadas<br>Acelerar el proceso de gesti\u00f3n urban\u00edstica de los suelos programados<br>Normativa para vivienda vacacional<br>Impulsar programas de vivienda en alquiler asequible<br>Construcci\u00f3n de viviendas para demandas espec\u00edficas vinculadas a incrementos laborales (sector tur\u00edstico).<br>Problema de morosidad<br>Problema de ocupaci\u00f3n ilegal<\/td><\/tr><tr><td><strong>Metodolog\u00eda para profundizar en su estudio y soluciones<\/strong><\/td><td>Datos de Cuadro de mando<br>Grupo trabajo interno Foro e inputs expertos<\/td><\/tr><tr><td><strong>Hoja de ruta<\/strong><\/td><td>Elaborar cuadro de mando estad\u00edstico para Tenerife<br>Reuniones grupo de trabajo<br>An\u00e1lisis experto<br>Conclusiones<\/td><\/tr><tr><td><\/td><td><\/td><\/tr><\/tbody><\/table><\/figure>\n<\/div>\n<\/div>\n<\/div>\n<\/div>\n<\/div>\n","protected":false},"excerpt":{"rendered":"<p>La disponibilidad de vivienda a precios asequibles se ha convertido en un problema de primer orden en Espa\u00f1a y en Canarias, con caracter\u00edsticas singulares derivadas de la presi\u00f3n demogr\u00e1fica (s\u00f3lo en \u00faltimo a\u00f1o la isla de Tenerife ha aumentado su poblaci\u00f3n en 13000 habitantes y desde el a\u00f1o 2000 el incremento poblacional es del 33%) [&hellip;]<\/p>\n","protected":false},"author":1,"featured_media":0,"parent":0,"menu_order":0,"comment_status":"closed","ping_status":"closed","template":"","meta":{"_et_pb_use_builder":"off","_et_pb_old_content":"<!-- wp:table -->\n<figure class=\"wp-block-table\"><table><tbody><tr><td><strong>La disponibilidad de vivienda a precios asequibles se ha convertido en un problema de primer orden en Espa\u00f1a y en Canarias, con caracter\u00edsticas singulares derivadas de la presi\u00f3n demogr\u00e1fica (s\u00f3lo en \u00faltimo a\u00f1o la isla de Tenerife ha aumentado su poblaci\u00f3n en 13000 habitantes y desde el a\u00f1o 2000 el incremento poblacional es del 33%) y otros usos no residenciales, agravados adem\u00e1s por la falta de nueva oferta de vivienda y la disponibilidad de suelo finalista.<\/strong><\/td><\/tr><\/tbody><\/table><\/figure>\n<!-- \/wp:table -->\n\n<!-- wp:columns -->\n<div class=\"wp-block-columns\"><!-- wp:column {\"width\":\"100%\"} -->\n<div class=\"wp-block-column\" style=\"flex-basis:100%\"><!-- wp:columns -->\n<div class=\"wp-block-columns\"><!-- wp:column {\"width\":\"100%\"} -->\n<div class=\"wp-block-column\" style=\"flex-basis:100%\"><!-- wp:table {\"className\":\"is-style-stripes\"} -->\n<figure class=\"wp-block-table is-style-stripes\"><table><tbody><tr><td><strong>Algunos datos que sirven para identificar el problema<\/strong><\/td><td>Aumento de poblaci\u00f3n en Tenerife en el \u00faltimo a\u00f1o de 13.000 habitantes<br>Incremento poblacional del 33 % desde el a\u00f1o 2000<br>Escasa ejecuci\u00f3n del Plan Canario de vivienda vigente 2020 - 2025<br>Aumento uso vivienda para alquiler vacacional<br>Concentraci\u00f3n crecimiento poblacional en capitales y municipios del sur<br>Importante parque viviendas sin terminar<br>Suelo programado, pero con escasa capacidad de gesti\u00f3n urban\u00edstica<\/td><\/tr><tr><td><strong>Referencias bibliogr\u00e1ficas o documentales<\/strong><\/td><td>Instituto Canario de Estad\u00edstica (ISTAC) e INE para datos comparados<br><a href=\"https:\/\/www.gobiernodecanarias.org\/vivienda\/temas\/Plan_de_Vivienda\/\">https:\/\/www.gobiernodecanarias.org\/vivienda\/temas\/Plan_de_Vivienda\/<\/a><br>Datos INE comparados <br><a href=\"https:\/\/www.eldiario.es\/canariasahora\/turismo\/canarias-region-espanola-impacto-alojamiento-vacacional-turismo_1_10782176.html\" target=\"_blank\" rel=\"noreferrer noopener\">https:\/\/www.eldiario.es\/canariasahora\/turismo\/canarias-region-espanola-impacto-alojamiento-vacacional-turismo_1_10782176.html<\/a><br><a href=\"https:\/\/www.gobiernodecanarias.org\/vivienda\/temas\/Plan_de_Vivienda\/\" target=\"_blank\" rel=\"noreferrer noopener\">https:\/\/diariodeavisos.elespanol.com\/2022\/06\/poblacion-del-sur-de-tenerife\/<\/a><br>La situaci\u00f3n de la vivienda en canarias desde una perspectiva social Diputado del Com\u00fan<br><a href=\"https:\/\/www.theioi.org\/downloads\/e7oq1\/El%20Diputado%20del%20Comun%20-%20Informe%20Extraordinario%20de%20Vivienda%202023%20-%20ES.pdf\" target=\"_blank\" rel=\"noreferrer noopener\">https:\/\/www.theioi.org\/downloads\/e7oq1\/El%20Diputado%20del%20Comun%20-%20Informe%20Extraordinario%20de%20Vivienda%202023%20-%20ES.pdf<\/a><\/td><\/tr><tr><td><strong>Principales desaf\u00edos<\/strong><\/td><td>Acomodar el crecimiento de la oferta al comportamiento de la demanda<br>Acelerar la puesta en servicio de viviendas no finalizadas<br>Acelerar el proceso de gesti\u00f3n urban\u00edstica de los suelos programados<br>Normativa para vivienda vacacional<br>Impulsar programas de vivienda en alquiler asequible<br>Construcci\u00f3n de viviendas para demandas espec\u00edficas vinculadas a incrementos laborales (sector tur\u00edstico).<br>Problema de morosidad<br>Problema de ocupaci\u00f3n ilegal<\/td><\/tr><tr><td><strong>Metodolog\u00eda para profundizar en su estudio y soluciones<\/strong><\/td><td>Datos de Cuadro de mando<br>Grupo trabajo interno Foro e inputs expertos<\/td><\/tr><tr><td><strong>Hoja de ruta<\/strong><\/td><td>Elaborar cuadro de mando estad\u00edstico para Tenerife<br>Reuniones grupo de trabajo<br>An\u00e1lisis experto<br>Conclusiones<\/td><\/tr><tr><td><strong>Equipo responsable<\/strong><\/td><td>Junta Permanente Foro + 2\/3 empresas vinculadas a la tem\u00e1tica<\/td><\/tr><tr><td><\/td><td><\/td><\/tr><\/tbody><\/table><\/figure>\n<!-- \/wp:table --><\/div>\n<!-- \/wp:column --><\/div>\n<!-- \/wp:columns --><\/div>\n<!-- \/wp:column --><\/div>\n<!-- \/wp:columns -->","_et_gb_content_width":"795","_themeisle_gutenberg_block_has_review":false,"footnotes":""},"class_list":["post-150","page","type-page","status-publish","hentry"],"yoast_head":"<!-- This site is optimized with the Yoast SEO plugin v26.4 - https:\/\/yoast.com\/wordpress\/plugins\/seo\/ -->\n<title>Desarrollo de Vivienda Asequible - Foro por el Progreso de Tenerife<\/title>\n<meta name=\"robots\" content=\"noindex, follow, max-snippet:-1, max-image-preview:large, max-video-preview:-1\" \/>\n<meta property=\"og:locale\" content=\"es_ES\" \/>\n<meta property=\"og:type\" content=\"article\" \/>\n<meta property=\"og:title\" content=\"Desarrollo de Vivienda Asequible - Foro por el Progreso de Tenerife\" \/>\n<meta property=\"og:description\" content=\"La disponibilidad de vivienda a precios asequibles se ha convertido en un problema de primer orden en Espa\u00f1a y en Canarias, con caracter\u00edsticas singulares derivadas de la presi\u00f3n demogr\u00e1fica (s\u00f3lo en \u00faltimo a\u00f1o la isla de Tenerife ha aumentado su poblaci\u00f3n en 13000 habitantes y desde el a\u00f1o 2000 el incremento poblacional es del 33%) [&hellip;]\" \/>\n<meta property=\"og:url\" content=\"https:\/\/foroprogresotenerife.org\/index.php\/desarrollo-de-vivienda-asequible\/\" \/>\n<meta property=\"og:site_name\" content=\"Foro por el Progreso de Tenerife\" \/>\n<meta property=\"article:modified_time\" content=\"2024-03-19T09:04:03+00:00\" \/>\n<meta name=\"twitter:card\" content=\"summary_large_image\" \/>\n<meta name=\"twitter:label1\" content=\"Tiempo de lectura\" \/>\n\t<meta name=\"twitter:data1\" content=\"1 minuto\" \/>\n<script type=\"application\/ld+json\" class=\"yoast-schema-graph\">{\"@context\":\"https:\/\/schema.org\",\"@graph\":[{\"@type\":\"WebPage\",\"@id\":\"https:\/\/foroprogresotenerife.org\/index.php\/desarrollo-de-vivienda-asequible\/\",\"url\":\"https:\/\/foroprogresotenerife.org\/index.php\/desarrollo-de-vivienda-asequible\/\",\"name\":\"Desarrollo de Vivienda Asequible - Foro por el Progreso de Tenerife\",\"isPartOf\":{\"@id\":\"https:\/\/foroprogresotenerife.org\/#website\"},\"datePublished\":\"2024-03-18T21:38:00+00:00\",\"dateModified\":\"2024-03-19T09:04:03+00:00\",\"breadcrumb\":{\"@id\":\"https:\/\/foroprogresotenerife.org\/index.php\/desarrollo-de-vivienda-asequible\/#breadcrumb\"},\"inLanguage\":\"es\",\"potentialAction\":[{\"@type\":\"ReadAction\",\"target\":[\"https:\/\/foroprogresotenerife.org\/index.php\/desarrollo-de-vivienda-asequible\/\"]}]},{\"@type\":\"BreadcrumbList\",\"@id\":\"https:\/\/foroprogresotenerife.org\/index.php\/desarrollo-de-vivienda-asequible\/#breadcrumb\",\"itemListElement\":[{\"@type\":\"ListItem\",\"position\":1,\"name\":\"Portada\",\"item\":\"https:\/\/foroprogresotenerife.org\/\"},{\"@type\":\"ListItem\",\"position\":2,\"name\":\"Desarrollo de Vivienda Asequible\"}]},{\"@type\":\"WebSite\",\"@id\":\"https:\/\/foroprogresotenerife.org\/#website\",\"url\":\"https:\/\/foroprogresotenerife.org\/\",\"name\":\"Foro por el Progreso de Tenerife\",\"description\":\"El sector empresarial de Tenerife se une para favorecer el crecimiento de la Isla y reducir los desequilibrios\",\"publisher\":{\"@id\":\"https:\/\/foroprogresotenerife.org\/#organization\"},\"potentialAction\":[{\"@type\":\"SearchAction\",\"target\":{\"@type\":\"EntryPoint\",\"urlTemplate\":\"https:\/\/foroprogresotenerife.org\/?s={search_term_string}\"},\"query-input\":{\"@type\":\"PropertyValueSpecification\",\"valueRequired\":true,\"valueName\":\"search_term_string\"}}],\"inLanguage\":\"es\"},{\"@type\":\"Organization\",\"@id\":\"https:\/\/foroprogresotenerife.org\/#organization\",\"name\":\"Foro por el Progreso de Tenerife\",\"url\":\"https:\/\/foroprogresotenerife.org\/\",\"logo\":{\"@type\":\"ImageObject\",\"inLanguage\":\"es\",\"@id\":\"https:\/\/foroprogresotenerife.org\/#\/schema\/logo\/image\/\",\"url\":\"https:\/\/foroprogresotenerife.org\/wp-content\/uploads\/2024\/03\/cropped-icono.png\",\"contentUrl\":\"https:\/\/foroprogresotenerife.org\/wp-content\/uploads\/2024\/03\/cropped-icono.png\",\"width\":512,\"height\":512,\"caption\":\"Foro por el Progreso de Tenerife\"},\"image\":{\"@id\":\"https:\/\/foroprogresotenerife.org\/#\/schema\/logo\/image\/\"},\"sameAs\":[\"https:\/\/www.linkedin.com\/company\/foro-progreso-tenerife\/\"]}]}<\/script>\n<!-- \/ Yoast SEO plugin. -->","yoast_head_json":{"title":"Desarrollo de Vivienda Asequible - Foro por el Progreso de Tenerife","robots":{"index":"noindex","follow":"follow","max-snippet":"max-snippet:-1","max-image-preview":"max-image-preview:large","max-video-preview":"max-video-preview:-1"},"og_locale":"es_ES","og_type":"article","og_title":"Desarrollo de Vivienda Asequible - Foro por el Progreso de Tenerife","og_description":"La disponibilidad de vivienda a precios asequibles se ha convertido en un problema de primer orden en Espa\u00f1a y en Canarias, con caracter\u00edsticas singulares derivadas de la presi\u00f3n demogr\u00e1fica (s\u00f3lo en \u00faltimo a\u00f1o la isla de Tenerife ha aumentado su poblaci\u00f3n en 13000 habitantes y desde el a\u00f1o 2000 el incremento poblacional es del 33%) [&hellip;]","og_url":"https:\/\/foroprogresotenerife.org\/index.php\/desarrollo-de-vivienda-asequible\/","og_site_name":"Foro por el Progreso de Tenerife","article_modified_time":"2024-03-19T09:04:03+00:00","twitter_card":"summary_large_image","twitter_misc":{"Tiempo de lectura":"1 minuto"},"schema":{"@context":"https:\/\/schema.org","@graph":[{"@type":"WebPage","@id":"https:\/\/foroprogresotenerife.org\/index.php\/desarrollo-de-vivienda-asequible\/","url":"https:\/\/foroprogresotenerife.org\/index.php\/desarrollo-de-vivienda-asequible\/","name":"Desarrollo de Vivienda Asequible - Foro por el Progreso de Tenerife","isPartOf":{"@id":"https:\/\/foroprogresotenerife.org\/#website"},"datePublished":"2024-03-18T21:38:00+00:00","dateModified":"2024-03-19T09:04:03+00:00","breadcrumb":{"@id":"https:\/\/foroprogresotenerife.org\/index.php\/desarrollo-de-vivienda-asequible\/#breadcrumb"},"inLanguage":"es","potentialAction":[{"@type":"ReadAction","target":["https:\/\/foroprogresotenerife.org\/index.php\/desarrollo-de-vivienda-asequible\/"]}]},{"@type":"BreadcrumbList","@id":"https:\/\/foroprogresotenerife.org\/index.php\/desarrollo-de-vivienda-asequible\/#breadcrumb","itemListElement":[{"@type":"ListItem","position":1,"name":"Portada","item":"https:\/\/foroprogresotenerife.org\/"},{"@type":"ListItem","position":2,"name":"Desarrollo de Vivienda Asequible"}]},{"@type":"WebSite","@id":"https:\/\/foroprogresotenerife.org\/#website","url":"https:\/\/foroprogresotenerife.org\/","name":"Foro por el Progreso de Tenerife","description":"El sector empresarial de Tenerife se une para favorecer el crecimiento de la Isla y reducir los desequilibrios","publisher":{"@id":"https:\/\/foroprogresotenerife.org\/#organization"},"potentialAction":[{"@type":"SearchAction","target":{"@type":"EntryPoint","urlTemplate":"https:\/\/foroprogresotenerife.org\/?s={search_term_string}"},"query-input":{"@type":"PropertyValueSpecification","valueRequired":true,"valueName":"search_term_string"}}],"inLanguage":"es"},{"@type":"Organization","@id":"https:\/\/foroprogresotenerife.org\/#organization","name":"Foro por el Progreso de Tenerife","url":"https:\/\/foroprogresotenerife.org\/","logo":{"@type":"ImageObject","inLanguage":"es","@id":"https:\/\/foroprogresotenerife.org\/#\/schema\/logo\/image\/","url":"https:\/\/foroprogresotenerife.org\/wp-content\/uploads\/2024\/03\/cropped-icono.png","contentUrl":"https:\/\/foroprogresotenerife.org\/wp-content\/uploads\/2024\/03\/cropped-icono.png","width":512,"height":512,"caption":"Foro por el Progreso de Tenerife"},"image":{"@id":"https:\/\/foroprogresotenerife.org\/#\/schema\/logo\/image\/"},"sameAs":["https:\/\/www.linkedin.com\/company\/foro-progreso-tenerife\/"]}]}},"_links":{"self":[{"href":"https:\/\/foroprogresotenerife.org\/index.php\/wp-json\/wp\/v2\/pages\/150","targetHints":{"allow":["GET"]}}],"collection":[{"href":"https:\/\/foroprogresotenerife.org\/index.php\/wp-json\/wp\/v2\/pages"}],"about":[{"href":"https:\/\/foroprogresotenerife.org\/index.php\/wp-json\/wp\/v2\/types\/page"}],"author":[{"embeddable":true,"href":"https:\/\/foroprogresotenerife.org\/index.php\/wp-json\/wp\/v2\/users\/1"}],"replies":[{"embeddable":true,"href":"https:\/\/foroprogresotenerife.org\/index.php\/wp-json\/wp\/v2\/comments?post=150"}],"version-history":[{"count":13,"href":"https:\/\/foroprogresotenerife.org\/index.php\/wp-json\/wp\/v2\/pages\/150\/revisions"}],"predecessor-version":[{"id":227,"href":"https:\/\/foroprogresotenerife.org\/index.php\/wp-json\/wp\/v2\/pages\/150\/revisions\/227"}],"wp:attachment":[{"href":"https:\/\/foroprogresotenerife.org\/index.php\/wp-json\/wp\/v2\/media?parent=150"}],"curies":[{"name":"wp","href":"https:\/\/api.w.org\/{rel}","templated":true}]}}