{"id":184,"date":"2024-03-18T23:12:33","date_gmt":"2024-03-18T23:12:33","guid":{"rendered":"https:\/\/foroprogresotenerife.org\/?page_id=184"},"modified":"2024-03-19T09:04:29","modified_gmt":"2024-03-19T09:04:29","slug":"conexion-de-las-islas-verdes-con-tenerife","status":"publish","type":"page","link":"https:\/\/foroprogresotenerife.org\/index.php\/conexion-de-las-islas-verdes-con-tenerife\/","title":{"rendered":"Conexi\u00f3n de las islas verdes con Tenerife"},"content":{"rendered":"\n<figure class=\"wp-block-pullquote has-text-align-left\"><blockquote><p>Tenerife, m\u00e1s que otras islas del archipi\u00e9lago, constituye un potente hinterland con las islas verdes cuya econom\u00eda y desarrollo dependen en buena medida de nuestra isla pero que tambi\u00e9n suponen una potente oportunidad para el desarrollo de Tenerife. La conexi\u00f3n mar\u00edtima con estas islas no est\u00e1 a\u00fan bien resuelta, despu\u00e9s de varios decenios, y debemos contribuir a reflexionar sobre este asunto. Con una visi\u00f3n empresarial pero tambi\u00e9n sostenible.<\/p><\/blockquote><\/figure>\n\n\n\n<figure class=\"wp-block-table is-style-stripes\"><table><thead><tr><th><\/th><th><\/th><\/tr><\/thead><tbody><tr><td>Algunos datos que sirven para identificar el problema<\/td><td>Elevad\u00edsima afluencia de personas y veh\u00edculos entre TF y las islas verdes a trav\u00e9s del Puerto\u00a0 de Los Cristianos.<br>Situaci\u00f3n de colapso del Puerto, tanto en sus infraestructuras terrestres y l\u00ednea de atraque como en la conexi\u00f3n con la salida hacia la TF1<br>Inviabilidad ambiental del proyecto del Puerto de Fonsal\u00eda<br>Caracter\u00edsticas ambientales de la zona oeste de Tenerife<\/td><\/tr><tr><td>Referencias bibliogr\u00e1ficas o documentales<\/td><td>Informe APTF sobre el Puerto de Los Cristianos<br>Informe Colegio de Ingenieros de Caminos, Canales y Puertos sobre la conexi\u00f3n de TF con las islas verdes<br>Informe Viceconsejer\u00eda OOPP sobre alternativa entre Los Cristianos y Fonsal\u00eda<br>Informes de ULL y Consejer\u00eda de Transici\u00f3n Ecol\u00f3gica sobre impacto ambiental y sobre especies del desarrollo de Fonsal\u00eda.<br>Informe de ULPGC sobre evaluaci\u00f3n socioecon\u00f3mica de diferentes alternativas<br>Informe de la UEC sobre situaci\u00f3n de Puerto de Los Cristianos<\/td><\/tr><tr><td>Principales desaf\u00edos<\/td><td>Desarrollar una conexi\u00f3n mar\u00edtima eficiente y sostenible con las islas verdes desde el sur de Tenerife<\/td><\/tr><tr><td>Metodolog\u00eda para profundizar en su estudio y soluciones<\/td><td>Datos de Cuadro de mando<br>Grupo trabajo interno Foro y estudio espec\u00edfico<\/td><\/tr><tr><td>Hoja de ruta<\/td><td>Elaborar cuadro de mando estad\u00edstico para Tenerife<br>Reuniones grupo de trabajo<br>Estudio<br>Conclusiones<\/td><\/tr><\/tbody><tfoot><tr><td><\/td><td><\/td><\/tr><\/tfoot><\/table><\/figure>\n","protected":false},"excerpt":{"rendered":"<p>Tenerife, m\u00e1s que otras islas del archipi\u00e9lago, constituye un potente hinterland con las islas verdes cuya econom\u00eda y desarrollo dependen en buena medida de nuestra isla pero que tambi\u00e9n suponen una potente oportunidad para el desarrollo de Tenerife. La conexi\u00f3n mar\u00edtima con estas islas no est\u00e1 a\u00fan bien resuelta, despu\u00e9s de varios decenios, y debemos [&hellip;]<\/p>\n","protected":false},"author":1,"featured_media":0,"parent":0,"menu_order":0,"comment_status":"closed","ping_status":"closed","template":"","meta":{"_et_pb_use_builder":"off","_et_pb_old_content":"","_et_gb_content_width":"","_themeisle_gutenberg_block_has_review":false,"footnotes":""},"class_list":["post-184","page","type-page","status-publish","hentry"],"yoast_head":"<!-- This site is optimized with the Yoast SEO plugin v26.4 - https:\/\/yoast.com\/wordpress\/plugins\/seo\/ -->\n<title>Conexi\u00f3n de las islas verdes con Tenerife - Foro por el Progreso de Tenerife<\/title>\n<meta name=\"robots\" content=\"noindex, follow, max-snippet:-1, max-image-preview:large, max-video-preview:-1\" \/>\n<meta property=\"og:locale\" content=\"es_ES\" \/>\n<meta property=\"og:type\" content=\"article\" \/>\n<meta property=\"og:title\" content=\"Conexi\u00f3n de las islas verdes con Tenerife - Foro por el Progreso de Tenerife\" \/>\n<meta property=\"og:description\" content=\"Tenerife, m\u00e1s que otras islas del archipi\u00e9lago, constituye un potente hinterland con las islas verdes cuya econom\u00eda y desarrollo dependen en buena medida de nuestra isla pero que tambi\u00e9n suponen una potente oportunidad para el desarrollo de Tenerife. La conexi\u00f3n mar\u00edtima con estas islas no est\u00e1 a\u00fan bien resuelta, despu\u00e9s de varios decenios, y debemos [&hellip;]\" \/>\n<meta property=\"og:url\" content=\"https:\/\/foroprogresotenerife.org\/index.php\/conexion-de-las-islas-verdes-con-tenerife\/\" \/>\n<meta property=\"og:site_name\" content=\"Foro por el Progreso de Tenerife\" \/>\n<meta property=\"article:modified_time\" content=\"2024-03-19T09:04:29+00:00\" \/>\n<meta name=\"twitter:card\" content=\"summary_large_image\" \/>\n<meta name=\"twitter:label1\" content=\"Tiempo de lectura\" \/>\n\t<meta name=\"twitter:data1\" content=\"1 minuto\" \/>\n<script type=\"application\/ld+json\" class=\"yoast-schema-graph\">{\"@context\":\"https:\/\/schema.org\",\"@graph\":[{\"@type\":\"WebPage\",\"@id\":\"https:\/\/foroprogresotenerife.org\/index.php\/conexion-de-las-islas-verdes-con-tenerife\/\",\"url\":\"https:\/\/foroprogresotenerife.org\/index.php\/conexion-de-las-islas-verdes-con-tenerife\/\",\"name\":\"Conexi\u00f3n de las islas verdes con Tenerife - Foro por el Progreso de Tenerife\",\"isPartOf\":{\"@id\":\"https:\/\/foroprogresotenerife.org\/#website\"},\"datePublished\":\"2024-03-18T23:12:33+00:00\",\"dateModified\":\"2024-03-19T09:04:29+00:00\",\"breadcrumb\":{\"@id\":\"https:\/\/foroprogresotenerife.org\/index.php\/conexion-de-las-islas-verdes-con-tenerife\/#breadcrumb\"},\"inLanguage\":\"es\",\"potentialAction\":[{\"@type\":\"ReadAction\",\"target\":[\"https:\/\/foroprogresotenerife.org\/index.php\/conexion-de-las-islas-verdes-con-tenerife\/\"]}]},{\"@type\":\"BreadcrumbList\",\"@id\":\"https:\/\/foroprogresotenerife.org\/index.php\/conexion-de-las-islas-verdes-con-tenerife\/#breadcrumb\",\"itemListElement\":[{\"@type\":\"ListItem\",\"position\":1,\"name\":\"Portada\",\"item\":\"https:\/\/foroprogresotenerife.org\/\"},{\"@type\":\"ListItem\",\"position\":2,\"name\":\"Conexi\u00f3n de las islas verdes con Tenerife\"}]},{\"@type\":\"WebSite\",\"@id\":\"https:\/\/foroprogresotenerife.org\/#website\",\"url\":\"https:\/\/foroprogresotenerife.org\/\",\"name\":\"Foro por el Progreso de Tenerife\",\"description\":\"El sector empresarial de Tenerife se une para favorecer el crecimiento de la Isla y reducir los desequilibrios\",\"publisher\":{\"@id\":\"https:\/\/foroprogresotenerife.org\/#organization\"},\"potentialAction\":[{\"@type\":\"SearchAction\",\"target\":{\"@type\":\"EntryPoint\",\"urlTemplate\":\"https:\/\/foroprogresotenerife.org\/?s={search_term_string}\"},\"query-input\":{\"@type\":\"PropertyValueSpecification\",\"valueRequired\":true,\"valueName\":\"search_term_string\"}}],\"inLanguage\":\"es\"},{\"@type\":\"Organization\",\"@id\":\"https:\/\/foroprogresotenerife.org\/#organization\",\"name\":\"Foro por el Progreso de Tenerife\",\"url\":\"https:\/\/foroprogresotenerife.org\/\",\"logo\":{\"@type\":\"ImageObject\",\"inLanguage\":\"es\",\"@id\":\"https:\/\/foroprogresotenerife.org\/#\/schema\/logo\/image\/\",\"url\":\"https:\/\/foroprogresotenerife.org\/wp-content\/uploads\/2024\/03\/cropped-icono.png\",\"contentUrl\":\"https:\/\/foroprogresotenerife.org\/wp-content\/uploads\/2024\/03\/cropped-icono.png\",\"width\":512,\"height\":512,\"caption\":\"Foro por el Progreso de Tenerife\"},\"image\":{\"@id\":\"https:\/\/foroprogresotenerife.org\/#\/schema\/logo\/image\/\"},\"sameAs\":[\"https:\/\/www.linkedin.com\/company\/foro-progreso-tenerife\/\"]}]}<\/script>\n<!-- \/ Yoast SEO plugin. -->","yoast_head_json":{"title":"Conexi\u00f3n de las islas verdes con Tenerife - Foro por el Progreso de Tenerife","robots":{"index":"noindex","follow":"follow","max-snippet":"max-snippet:-1","max-image-preview":"max-image-preview:large","max-video-preview":"max-video-preview:-1"},"og_locale":"es_ES","og_type":"article","og_title":"Conexi\u00f3n de las islas verdes con Tenerife - Foro por el Progreso de Tenerife","og_description":"Tenerife, m\u00e1s que otras islas del archipi\u00e9lago, constituye un potente hinterland con las islas verdes cuya econom\u00eda y desarrollo dependen en buena medida de nuestra isla pero que tambi\u00e9n suponen una potente oportunidad para el desarrollo de Tenerife. La conexi\u00f3n mar\u00edtima con estas islas no est\u00e1 a\u00fan bien resuelta, despu\u00e9s de varios decenios, y debemos [&hellip;]","og_url":"https:\/\/foroprogresotenerife.org\/index.php\/conexion-de-las-islas-verdes-con-tenerife\/","og_site_name":"Foro por el Progreso de Tenerife","article_modified_time":"2024-03-19T09:04:29+00:00","twitter_card":"summary_large_image","twitter_misc":{"Tiempo de lectura":"1 minuto"},"schema":{"@context":"https:\/\/schema.org","@graph":[{"@type":"WebPage","@id":"https:\/\/foroprogresotenerife.org\/index.php\/conexion-de-las-islas-verdes-con-tenerife\/","url":"https:\/\/foroprogresotenerife.org\/index.php\/conexion-de-las-islas-verdes-con-tenerife\/","name":"Conexi\u00f3n de las islas verdes con Tenerife - Foro por el Progreso de Tenerife","isPartOf":{"@id":"https:\/\/foroprogresotenerife.org\/#website"},"datePublished":"2024-03-18T23:12:33+00:00","dateModified":"2024-03-19T09:04:29+00:00","breadcrumb":{"@id":"https:\/\/foroprogresotenerife.org\/index.php\/conexion-de-las-islas-verdes-con-tenerife\/#breadcrumb"},"inLanguage":"es","potentialAction":[{"@type":"ReadAction","target":["https:\/\/foroprogresotenerife.org\/index.php\/conexion-de-las-islas-verdes-con-tenerife\/"]}]},{"@type":"BreadcrumbList","@id":"https:\/\/foroprogresotenerife.org\/index.php\/conexion-de-las-islas-verdes-con-tenerife\/#breadcrumb","itemListElement":[{"@type":"ListItem","position":1,"name":"Portada","item":"https:\/\/foroprogresotenerife.org\/"},{"@type":"ListItem","position":2,"name":"Conexi\u00f3n de las islas verdes con Tenerife"}]},{"@type":"WebSite","@id":"https:\/\/foroprogresotenerife.org\/#website","url":"https:\/\/foroprogresotenerife.org\/","name":"Foro por el Progreso de Tenerife","description":"El sector empresarial de Tenerife se une para favorecer el crecimiento de la Isla y reducir los desequilibrios","publisher":{"@id":"https:\/\/foroprogresotenerife.org\/#organization"},"potentialAction":[{"@type":"SearchAction","target":{"@type":"EntryPoint","urlTemplate":"https:\/\/foroprogresotenerife.org\/?s={search_term_string}"},"query-input":{"@type":"PropertyValueSpecification","valueRequired":true,"valueName":"search_term_string"}}],"inLanguage":"es"},{"@type":"Organization","@id":"https:\/\/foroprogresotenerife.org\/#organization","name":"Foro por el Progreso de Tenerife","url":"https:\/\/foroprogresotenerife.org\/","logo":{"@type":"ImageObject","inLanguage":"es","@id":"https:\/\/foroprogresotenerife.org\/#\/schema\/logo\/image\/","url":"https:\/\/foroprogresotenerife.org\/wp-content\/uploads\/2024\/03\/cropped-icono.png","contentUrl":"https:\/\/foroprogresotenerife.org\/wp-content\/uploads\/2024\/03\/cropped-icono.png","width":512,"height":512,"caption":"Foro por el Progreso de Tenerife"},"image":{"@id":"https:\/\/foroprogresotenerife.org\/#\/schema\/logo\/image\/"},"sameAs":["https:\/\/www.linkedin.com\/company\/foro-progreso-tenerife\/"]}]}},"_links":{"self":[{"href":"https:\/\/foroprogresotenerife.org\/index.php\/wp-json\/wp\/v2\/pages\/184","targetHints":{"allow":["GET"]}}],"collection":[{"href":"https:\/\/foroprogresotenerife.org\/index.php\/wp-json\/wp\/v2\/pages"}],"about":[{"href":"https:\/\/foroprogresotenerife.org\/index.php\/wp-json\/wp\/v2\/types\/page"}],"author":[{"embeddable":true,"href":"https:\/\/foroprogresotenerife.org\/index.php\/wp-json\/wp\/v2\/users\/1"}],"replies":[{"embeddable":true,"href":"https:\/\/foroprogresotenerife.org\/index.php\/wp-json\/wp\/v2\/comments?post=184"}],"version-history":[{"count":3,"href":"https:\/\/foroprogresotenerife.org\/index.php\/wp-json\/wp\/v2\/pages\/184\/revisions"}],"predecessor-version":[{"id":228,"href":"https:\/\/foroprogresotenerife.org\/index.php\/wp-json\/wp\/v2\/pages\/184\/revisions\/228"}],"wp:attachment":[{"href":"https:\/\/foroprogresotenerife.org\/index.php\/wp-json\/wp\/v2\/media?parent=184"}],"curies":[{"name":"wp","href":"https:\/\/api.w.org\/{rel}","templated":true}]}}